{"id":112377,"date":"2022-12-20T12:37:36","date_gmt":"2022-12-20T11:37:36","guid":{"rendered":"https:\/\/www.museoglaucolombardi.it\/prestiti-a-mostre-esterne\/"},"modified":"2026-01-20T13:07:36","modified_gmt":"2026-01-20T12:07:36","slug":"prestiti-a-mostre-esterne","status":"publish","type":"page","link":"https:\/\/www.museoglaucolombardi.it\/en\/prestiti-a-mostre-esterne\/","title":{"rendered":"Prestiti a mostre esterne"},"content":{"rendered":"<p><div class=\"fusion-fullwidth fullwidth-box fusion-builder-row-1 fusion-flex-container has-pattern-background has-mask-background hundred-percent-fullwidth non-hundred-percent-height-scrolling\" style=\"--awb-border-radius-top-left:0px;--awb-border-radius-top-right:0px;--awb-border-radius-bottom-right:0px;--awb-border-radius-bottom-left:0px;--awb-padding-right:0px;--awb-padding-left:0px;--awb-margin-top:-60px;--awb-flex-wrap:wrap;\" ><div class=\"fusion-builder-row fusion-row fusion-flex-align-items-flex-start fusion-flex-justify-content-center fusion-flex-content-wrap\" style=\"width:104% !important;max-width:104% !important;margin-left: calc(-4% \/ 2 );margin-right: calc(-4% \/ 2 );\"><div class=\"fusion-layout-column fusion_builder_column fusion-builder-column-0 fusion_builder_column_1_1 1_1 fusion-flex-column\" style=\"--awb-bg-size:cover;--awb-width-large:100%;--awb-margin-top-large:0px;--awb-spacing-right-large:1.92%;--awb-margin-bottom-large:20px;--awb-spacing-left-large:1.92%;--awb-width-medium:100%;--awb-order-medium:0;--awb-spacing-right-medium:1.92%;--awb-spacing-left-medium:1.92%;--awb-width-small:100%;--awb-order-small:0;--awb-spacing-right-small:1.92%;--awb-spacing-left-small:1.92%;\"><div class=\"fusion-column-wrapper fusion-column-has-shadow fusion-flex-justify-content-flex-start fusion-content-layout-block\"><div class=\"fusion-image-element fusion-image-align-center in-legacy-container\" style=\"text-align:center;--awb-caption-title-font-family:var(--h2_typography-font-family);--awb-caption-title-font-weight:var(--h2_typography-font-weight);--awb-caption-title-font-style:var(--h2_typography-font-style);--awb-caption-title-size:var(--h2_typography-font-size);--awb-caption-title-transform:var(--h2_typography-text-transform);--awb-caption-title-line-height:var(--h2_typography-line-height);--awb-caption-title-letter-spacing:var(--h2_typography-letter-spacing);\"><div class=\"imageframe-align-center\"><span class=\" fusion-imageframe imageframe-none imageframe-1 hover-type-none\"><img decoding=\"async\" width=\"2391\" height=\"1674\" title=\"prestiti\" src=\"https:\/\/www.museoglaucolombardi.it\/wp-content\/uploads\/2023\/02\/prestiti-1.jpg\" data-orig-src=\"https:\/\/www.museoglaucolombardi.it\/wp-content\/uploads\/2023\/02\/prestiti-1.jpg\" alt class=\"lazyload img-responsive wp-image-112446\" srcset=\"data:image\/svg+xml,%3Csvg%20xmlns%3D%27http%3A%2F%2Fwww.w3.org%2F2000%2Fsvg%27%20width%3D%272391%27%20height%3D%271674%27%20viewBox%3D%270%200%202391%201674%27%3E%3Crect%20width%3D%272391%27%20height%3D%271674%27%20fill-opacity%3D%220%22%2F%3E%3C%2Fsvg%3E\" data-srcset=\"https:\/\/www.museoglaucolombardi.it\/wp-content\/uploads\/2023\/02\/prestiti-1-200x140.jpg 200w, https:\/\/www.museoglaucolombardi.it\/wp-content\/uploads\/2023\/02\/prestiti-1-400x280.jpg 400w, https:\/\/www.museoglaucolombardi.it\/wp-content\/uploads\/2023\/02\/prestiti-1-600x420.jpg 600w, https:\/\/www.museoglaucolombardi.it\/wp-content\/uploads\/2023\/02\/prestiti-1-800x560.jpg 800w, https:\/\/www.museoglaucolombardi.it\/wp-content\/uploads\/2023\/02\/prestiti-1-1200x840.jpg 1200w, https:\/\/www.museoglaucolombardi.it\/wp-content\/uploads\/2023\/02\/prestiti-1.jpg 2391w\" data-sizes=\"auto\" data-orig-sizes=\"(max-width: 640px) 100vw, 2391px\" \/><\/span><\/div><\/div><\/div><\/div><\/div><\/div><div class=\"fusion-fullwidth fullwidth-box fusion-builder-row-2 fusion-flex-container has-pattern-background has-mask-background nonhundred-percent-fullwidth non-hundred-percent-height-scrolling\" style=\"--awb-border-radius-top-left:0px;--awb-border-radius-top-right:0px;--awb-border-radius-bottom-right:0px;--awb-border-radius-bottom-left:0px;--awb-flex-wrap:wrap;\" ><div class=\"fusion-builder-row fusion-row fusion-flex-align-items-flex-start fusion-flex-content-wrap\" style=\"max-width:1456px;margin-left: calc(-4% \/ 2 );margin-right: calc(-4% \/ 2 );\"><div class=\"fusion-layout-column fusion_builder_column fusion-builder-column-1 fusion_builder_column_1_1 1_1 fusion-flex-column\" style=\"--awb-bg-blend:overlay;--awb-bg-size:cover;--awb-width-large:100%;--awb-margin-top-large:0px;--awb-spacing-right-large:1.92%;--awb-margin-bottom-large:0px;--awb-spacing-left-large:1.92%;--awb-width-medium:100%;--awb-spacing-right-medium:1.92%;--awb-spacing-left-medium:1.92%;--awb-width-small:100%;--awb-spacing-right-small:1.92%;--awb-spacing-left-small:1.92%;\"><div class=\"fusion-column-wrapper fusion-flex-justify-content-flex-start fusion-content-layout-column\"><div class=\"fusion-title title fusion-title-1 fusion-sep-none fusion-title-text fusion-title-size-one\" style=\"--awb-font-size:46px;\"><h1 class=\"fusion-title-heading title-heading-left\" style=\"margin:0;font-size:1em;\">Prestiti a mostre esterne<\/h1><\/div><div class=\"fusion-text fusion-text-1\"><p style=\"font-weight: 400;\"><span class=\"OYPEnA text-decoration-none text-strikethrough-none\">20 dicembre 2025-20 aprile 2026<\/span><br \/>\n\u201c<em>Regine. Trame di cultura e diplomazia tra Napoli e l\u2019Europa<\/em>\u201c,<br \/>\nReggia di Caserta<\/p>\n<table>\n<tbody>\n<tr>\n<td width=\"56\"><strong>Inv.<\/strong><\/td>\n<td width=\"399\"><strong>Titolo<\/strong><\/td>\n<td width=\"136\"><strong>Autore<\/strong><\/td>\n<\/tr>\n<tr>\n<td width=\"56\">\u00a02<\/td>\n<td width=\"399\"><em>Lo svenimento di Ester<\/em><\/td>\n<td width=\"136\">E. Farnese<\/td>\n<\/tr>\n<\/tbody>\n<\/table>\n<\/div><div class=\"fusion-text fusion-text-2\"><p style=\"font-weight: 400;\">17 maggio-29 giugno 2025<br \/>\n&#8220;Paesaggio Appennino. Passato e Presente. Un percorso tra arte, letteratura e fotografia&#8221;<br \/>\nParma, Palazzo Pigorini<\/p>\n<table>\n<tbody>\n<tr>\n<td width=\"56\"><strong>Inv.<\/strong><\/td>\n<td width=\"399\"><strong>Titolo<\/strong><\/td>\n<td width=\"136\"><strong>Autore<\/strong><\/td>\n<\/tr>\n<tr>\n<td width=\"56\">\u00a02<\/td>\n<td width=\"399\"><em>Veduta di Canossa<\/em><\/td>\n<td width=\"136\">P. Ferretti (?)<\/td>\n<\/tr>\n<\/tbody>\n<\/table>\n<\/div><div class=\"fusion-text fusion-text-3\"><p style=\"font-weight: 400;\"><span class=\"OYPEnA text-decoration-none text-strikethrough-none\">2 dicembre 2023-7 aprile 2024<\/span><br \/>\n<span class=\"OYPEnA text-decoration-none text-strikethrough-none\">\u201cI Fasti di Elisabetta Farnese. Ritratto di una regina\u201d<\/span><br \/>\nPiacenza, Palazzo Farnese<\/p>\n<table>\n<tbody>\n<tr>\n<td width=\"56\"><strong>Inv.<\/strong><\/td>\n<td width=\"399\"><strong>Titolo<\/strong><\/td>\n<td width=\"136\"><strong>Autore<\/strong><\/td>\n<\/tr>\n<tr>\n<td width=\"56\">\u00a02<\/td>\n<td width=\"399\"><em>Lo svenimento di Ester<\/em><\/td>\n<td width=\"136\">E. Farnese<\/td>\n<\/tr>\n<\/tbody>\n<\/table>\n<\/div><div class=\"fusion-text fusion-text-4\"><p style=\"font-weight: 400;\">7 aprile-21 maggio 2023<br \/>\n\u201cLe lettere di Elisa: cos\u00ec governava la principessa di Lucca\u201d<br \/>\nLucca, Complesso Monumentale San Micheletto<\/p>\n<table>\n<tbody>\n<tr>\n<td width=\"56\"><strong>Inv.<\/strong><\/td>\n<td width=\"399\"><strong>Titolo<\/strong><\/td>\n<td width=\"136\"><strong>Autore<\/strong><\/td>\n<\/tr>\n<tr>\n<td width=\"56\">\u00a01830<\/td>\n<td width=\"399\"><em>\u00a0Scrittoio da viaggio di Maria Luigia<\/em><\/td>\n<td width=\"136\"><\/td>\n<\/tr>\n<\/tbody>\n<\/table>\n<\/div><div class=\"fusion-text fusion-text-5\"><p style=\"font-weight: 400;\">28 settembre 2023-28 gennaio 2024<br \/>\n&#8220;Sovrani a tavola. Pranzi imbanditi nelle corti italiane&#8221;<br \/>\n<strong>Torino, Venaria Reale, Sala delle Arti<\/strong><\/p>\n<table>\n<tbody>\n<tr>\n<td width=\"64\"><strong>Inv.<\/strong><\/td>\n<td width=\"456\"><strong>Titolo<\/strong><\/td>\n<td width=\"155\"><strong>Autore<\/strong><\/td>\n<\/tr>\n<tr>\n<td width=\"64\">1680<\/td>\n<td width=\"456\"><em>Flute con monogramma &#8220;ML&#8221;<\/em><\/td>\n<td width=\"155\"><\/td>\n<\/tr>\n<tr>\n<td width=\"64\">1693<\/td>\n<td width=\"456\"><em>Forchetta pieghevole da viaggio appartenuta a Maria Luigia<\/em><\/td>\n<td width=\"155\"><\/td>\n<\/tr>\n<tr>\n<td width=\"64\">1695<\/td>\n<td width=\"456\">P<em>iatto con stemma ducale di Maria Luigia<\/em><\/td>\n<td width=\"155\">Manifattura Edouard Honor\u00e9<\/td>\n<\/tr>\n<tr>\n<td width=\"64\">2651<\/td>\n<td width=\"456\"><em>Bicchiere da viaggio con monogramma &#8220;ML&#8221;<\/em><\/td>\n<td width=\"155\"><\/td>\n<\/tr>\n<tr>\n<td width=\"64\">2846<\/td>\n<td width=\"456\"><em>Bicchiere da viaggio con monogramma &#8220;ML&#8221;<\/em><\/td>\n<td width=\"155\"><\/td>\n<\/tr>\n<\/tbody>\n<\/table>\n<h3 class=\"fusion-responsive-typography-calculated\" data-fontsize=\"32\" data-lineheight=\"41.6px\"><\/h3>\n<\/div><div class=\"fusion-text fusion-text-6\"><p style=\"font-weight: 400;\">7 aprile-21 maggio 2023<br \/>\n&#8220;Le lettere di Elisa: cos\u00ec governava la principessa di Lucca&#8221;<br \/>\n<strong>Lucca, Complesso Monumentale San Micheletto<\/strong><\/p>\n<table style=\"height: 57px;\" width=\"607\">\n<tbody>\n<tr>\n<td width=\"56\"><strong>Inv.<\/strong><\/td>\n<td width=\"399\"><strong>Titolo<\/strong><\/td>\n<td width=\"136\"><strong>Autore<\/strong><\/td>\n<\/tr>\n<tr>\n<td width=\"56\">1830<\/td>\n<td width=\"399\">Scrittoio da viaggio appartenuto a Maria Luigia<\/td>\n<td width=\"136\"><\/td>\n<\/tr>\n<tr>\n<td width=\"56\"><\/td>\n<td width=\"399\"><\/td>\n<td width=\"136\"><\/td>\n<\/tr>\n<\/tbody>\n<\/table>\n<\/div><div class=\"fusion-text fusion-text-7\"><div>\n<p>10 settembre-<span id=\"OBJ_PREFIX_DWT53_com_zimbra_date\" class=\"Object\" role=\"link\">12 novembre 2022<br \/>\n\u201cDettagli preziosi\u201d<br \/>\n<strong>Collecchio (PR), Villa Soragna<\/strong><\/span><\/p>\n<table>\n<tbody>\n<tr>\n<td width=\"56\"><strong>Inv.<\/strong><\/td>\n<td width=\"399\"><strong>Titolo<\/strong><\/td>\n<td width=\"136\"><strong>Autore<\/strong><\/td>\n<\/tr>\n<tr>\n<td width=\"56\">1617<\/td>\n<td width=\"399\"><em style=\"background-color: rgba(255, 255, 255, 0); color: var(--body_typography-color); font-family: var(--body_typography-font-family); font-size: var(--body_typography-font-size); font-weight: var(--body_typography-font-weight); letter-spacing: var(--body_typography-letter-spacing);\">Giubba da ufficiale dell\u2019esercito di Carlo III appartenuta al conte Nicol\u00f2 Soprani di Piacenza<\/em><\/td>\n<td width=\"136\"><\/td>\n<\/tr>\n<tr>\n<td width=\"56\">2476<\/td>\n<td width=\"399\"><em>Gilet maschile<\/em><\/td>\n<td width=\"136\"><\/td>\n<\/tr>\n<tr>\n<td width=\"56\">2510<\/td>\n<td width=\"399\"><em>Soprabito da donna<\/em><\/td>\n<td width=\"136\">Confezioni Enrichetta Nadotti<\/td>\n<\/tr>\n<tr>\n<td width=\"56\">2603<\/td>\n<td width=\"399\"><em>Gilet appartenuto a Michael von Strobl<\/em><\/td>\n<td width=\"136\"><\/td>\n<\/tr>\n<\/tbody>\n<\/table>\n<\/div>\n<div><\/div>\n<div><\/div>\n<p style=\"font-weight: 400;\">1\u00b0 luglio-16 ottobre 2022<br \/>\n&#8220;Frammenti di paradiso&#8221;<br \/>\n<strong>Reggia di Caserta<\/strong><\/p>\n<table>\n<tbody>\n<tr>\n<td width=\"56\"><strong>Inv.<\/strong><\/td>\n<td width=\"399\"><strong>Titolo<\/strong><\/td>\n<td width=\"136\"><strong>Autore<\/strong><\/td>\n<\/tr>\n<tr>\n<td width=\"56\">10<\/td>\n<td width=\"399\"><em>Ducal Villa di Colorno<\/em><\/td>\n<td width=\"136\">D. Mora<\/td>\n<\/tr>\n<tr>\n<td width=\"56\">153<\/td>\n<td width=\"399\"><em>Colorno. Palazzo Ducale visto dal Parco<\/em><\/td>\n<td width=\"136\">G. Drugman<\/td>\n<\/tr>\n<\/tbody>\n<\/table>\n<\/div><div class=\"fusion-text fusion-text-8\"><p style=\"font-weight: 400;\">2022-2024<br \/>\nPrestito triennale al percorso ottocentesco della Galleria Nazionale di Parma<br \/>\n<strong>Parma, Complesso Monumentale della Pilotta<\/strong><\/p>\n<table>\n<tbody>\n<tr>\n<td width=\"56\"><strong>Inv.<\/strong><\/td>\n<td width=\"399\"><strong>Titolo<\/strong><\/td>\n<td width=\"136\"><strong>Autore<\/strong><\/td>\n<\/tr>\n<tr>\n<td width=\"56\">564<\/td>\n<td width=\"399\"><em>Il Correggio appare a Paolo Toschi<\/em><\/td>\n<td width=\"136\">F. Scaramuzza<\/td>\n<\/tr>\n<\/tbody>\n<\/table>\n<\/div><div class=\"fusion-text fusion-text-9\"><p style=\"font-weight: 400;\">18 marzo-31 luglio 2022<br \/>\n&#8220;I Farnese. Architettura, arte, potere&#8221;<br \/>\n<strong>Parma, Complesso Monumentale della Pilotta<\/strong><\/p>\n<table>\n<tbody>\n<tr>\n<td width=\"56\"><strong>Inv.<\/strong><\/td>\n<td width=\"399\"><strong>Titolo<\/strong><\/td>\n<td width=\"136\"><strong>Autore<\/strong><\/td>\n<\/tr>\n<tr>\n<td width=\"56\">\u00a02047<\/td>\n<td width=\"399\"><em>\u00a0Progetto decorativo per la volta della chiesa di Sant&#8217;Antonio Abate a Parma<\/em><\/td>\n<td width=\"136\">\u00a0F. Galli Bibiena<\/td>\n<\/tr>\n<\/tbody>\n<\/table>\n<\/div><div class=\"fusion-text fusion-text-10\"><p>9 ottobre 2021-9 gennaio 2022<br \/>\n&#8220;Anita e le altre. Storie di donne del Risorgimento&#8221;<br \/>\n<strong>Torino, Museo del Risorgimento Italiano<\/strong><\/p>\n<table>\n<tbody>\n<tr>\n<td width=\"56\"><strong>Inv.<\/strong><\/td>\n<td width=\"399\"><strong>Titolo<\/strong><\/td>\n<td width=\"136\"><strong>Autore<\/strong><\/td>\n<\/tr>\n<tr>\n<td width=\"56\">56<\/td>\n<td width=\"399\"><em>Ritratto di Giuditta Bellerio Sidoli<\/em><\/td>\n<td width=\"136\">\u00a0Pittore lombardo sec. XIX<\/td>\n<\/tr>\n<\/tbody>\n<\/table>\n<\/div><div class=\"fusion-text fusion-text-11\"><p>9 ottobre 2021-9 gennaio 2022<br \/>\n&#8220;Napoleone. Un omaggio&#8221;<br \/>\n<strong>Codroipo (UD), Villa Manin di Passariano<\/strong><\/p>\n<table>\n<tbody>\n<tr>\n<td width=\"56\"><strong>Inv.<\/strong><\/td>\n<td width=\"399\"><strong>Titolo<\/strong><\/td>\n<td width=\"136\"><strong>Autore<\/strong><\/td>\n<\/tr>\n<tr>\n<td width=\"56\">2382<\/td>\n<td width=\"399\"><em>Ritratto di Napoleone Bonaparte<\/em><\/td>\n<td width=\"136\">\u00a0F. Pescatori (da F. G\u00e9rard)<\/td>\n<\/tr>\n<tr>\n<td width=\"56\">2723<\/td>\n<td width=\"399\"><em>&#8220;Commencement du Finale&#8221;\u00a0<\/em><\/td>\n<td width=\"136\">\u00a0J. G.\u00a0Schadow\u00a0(1764-1850)<\/td>\n<\/tr>\n<tr>\n<td width=\"56\">2736<\/td>\n<td width=\"399\"><em>&#8220;L&#8217;ecolier Battant la Retraite devant Son ma\u00eetre&#8221;<\/em><\/td>\n<td width=\"136\">\u00a0P.(?)\u00a0Lacroix\u00a0(1783-1856)<\/td>\n<\/tr>\n<tr>\n<td width=\"56\">2744<\/td>\n<td width=\"399\"><em>&#8220;Nicolas Philoctete dans l&#8217;Ille d&#8217;Elbe&#8221;<\/em><\/td>\n<td width=\"136\">\u00a0Incisore francese<\/td>\n<\/tr>\n<tr>\n<td width=\"56\">2745<\/td>\n<td width=\"399\"><em>&#8220;Le D\u00e9serteur&#8221;<\/em><\/td>\n<td width=\"136\">F.\u00a0Dubois\u00a0(1760?-post 1819)<\/td>\n<\/tr>\n<tr>\n<td width=\"56\">2746<\/td>\n<td width=\"399\"><em>&#8220;La Consultation&#8221;<\/em><\/td>\n<td width=\"136\">F.\u00a0Dubois\u00a0(1760?-post 1819)<\/td>\n<\/tr>\n<tr>\n<td width=\"56\">2747<\/td>\n<td width=\"399\"><em>&#8220;La grosse caisse de L&#8217;europe&#8221;<\/em><\/td>\n<td width=\"136\">\u00a0P.(?)\u00a0Lacroix\u00a0(1783-1856<\/td>\n<\/tr>\n<tr>\n<td width=\"56\">2748<\/td>\n<td width=\"399\"><em>&#8220;Dans Le Sac!&#8221;<\/em><\/td>\n<td width=\"136\">Incisore francese<\/td>\n<\/tr>\n<tr>\n<td width=\"56\">2750<\/td>\n<td width=\"399\"><em>&#8220;D\u00e9part pour l&#8217;Ile d&#8217;Elbe&#8221;<\/em><\/td>\n<td width=\"136\">Incisore francese<\/td>\n<\/tr>\n<tr>\n<td width=\"56\">2751<\/td>\n<td width=\"399\"><em>&#8220;Sacrifice de Napol\u00e9on Buonaparte. (18 Juin 1815)&#8221;<\/em><\/td>\n<td width=\"136\">Louis<\/td>\n<\/tr>\n<tr>\n<td width=\"56\">2754<\/td>\n<td width=\"399\"><em>&#8220;Du haut en Bas&#8230; ou les Causes et les Effets&#8221;<\/em><\/td>\n<td width=\"136\">Incisore francese<\/td>\n<\/tr>\n<tr>\n<td width=\"56\">2755<\/td>\n<td width=\"399\"><em>&#8220;Grand nettoyage pour la rentr\u00e9e du Roi&#8221;<\/em><\/td>\n<td width=\"136\">A. Blondeau<\/td>\n<\/tr>\n<tr>\n<td width=\"56\">2756<\/td>\n<td width=\"399\"><em>&#8220;Le songe&#8230; il est un Dieu vengeur!&#8221;<\/em><\/td>\n<td width=\"136\">Incisore francese<\/td>\n<\/tr>\n<tr>\n<td width=\"56\">2759<\/td>\n<td width=\"399\"><em>&#8220;Boney Bothered or an Unexpected Meeting&#8221;<\/em><\/td>\n<td width=\"136\">Charles Williams\u00a0(attivo 1797-1830)<\/td>\n<\/tr>\n<tr>\n<td width=\"56\">2760<\/td>\n<td width=\"399\"><em>&#8220;Grasp All Loose All&#8221;<\/em><\/td>\n<td width=\"136\">Charles Williams\u00a0(attivo 1797-1830)<\/td>\n<\/tr>\n<tr>\n<td width=\"56\">\u00a02763<\/td>\n<td width=\"399\"><em>\u00a0&#8220;The rival accoucheurs or who shall deliver Europe?&#8221;<\/em><\/td>\n<td width=\"136\">da Ansell (Charles Williams)\u00a0(attivo 1797-1830)<\/td>\n<\/tr>\n<tr>\n<td width=\"56\">\u00a02767<\/td>\n<td width=\"399\"><em>\u00a0&#8220;A scene in the Island of Elba&#8221;<\/em><\/td>\n<td width=\"136\">William Heath\u00a0(1794\/1795-1840)<\/td>\n<\/tr>\n<\/tbody>\n<\/table>\n<\/div><div class=\"fusion-text fusion-text-12\"><p>24 settembre 2021-13febbraio 2022<br \/>\n&#8220;Il falso dell&#8217;arte. Alceo Dossena e la scultura italiana&#8221;<br \/>\n<strong>Rovereto (TN), Mart<\/strong><\/p>\n<table>\n<tbody>\n<tr>\n<td width=\"64\"><strong>Inv.<\/strong><\/td>\n<td width=\"456\"><strong>Titolo<\/strong><\/td>\n<td width=\"155\"><strong>Autore<\/strong><\/td>\n<\/tr>\n<tr>\n<td width=\"64\">1918<\/td>\n<td width=\"456\"><em>Erma di Maria Luigia<\/em><\/td>\n<td width=\"155\">da Antonio Canova<\/td>\n<\/tr>\n<\/tbody>\n<\/table>\n<\/div><div class=\"fusion-text fusion-text-13\"><p>11 settembre-31 ottobre 2021<br \/>\n&#8220;Un bacio e mille ancora&#8221;<br \/>\n<strong>Collecchio (PR), Villa Soragna<\/strong><\/p>\n<table>\n<tbody>\n<tr>\n<td width=\"64\"><strong>Inv.<\/strong><\/td>\n<td width=\"456\"><strong>Titolo<\/strong><\/td>\n<td width=\"155\"><strong>Autore<\/strong><\/td>\n<\/tr>\n<tr>\n<td width=\"64\">796<\/td>\n<td width=\"456\"><em>Il bacio<\/em><\/td>\n<td width=\"155\">maniera di\u00a0Jean Honor\u00e8\u00a0Fragonard<\/td>\n<\/tr>\n<\/tbody>\n<\/table>\n<\/div><div class=\"fusion-text fusion-text-14\"><p>13 gennaio-15 marzo 2020<br \/>\n&#8220;Parma \u00e8 la Gazzetta. Cronaca, cultura, spettacoli, sport: 285 anni di storia&#8221;<br \/>\n<strong>Parma, Palazzo Pigorini<\/strong><\/p>\n<table>\n<tbody>\n<tr>\n<td width=\"56\"><strong>Inv.<\/strong><\/td>\n<td width=\"399\"><strong>Titolo<\/strong><\/td>\n<td width=\"136\"><strong>Autore<\/strong><\/td>\n<\/tr>\n<tr>\n<td width=\"56\">29<\/td>\n<td width=\"399\"><em>Ritratto di Maria Luigia giovinetta<\/em><\/td>\n<td width=\"136\">\u00a0G. Naudin (da Isabey)<\/td>\n<\/tr>\n<tr>\n<td width=\"56\">645<\/td>\n<td width=\"399\"><em>Ritratto di Giuseppe Verdi nel 1850<\/em><\/td>\n<td width=\"136\">\u00a0A. P. Bevilacqua<\/td>\n<\/tr>\n<tr>\n<td width=\"56\">916<\/td>\n<td width=\"399\"><em>Ritratto di Maria Luigia d\u2019Asburgo<\/em><\/td>\n<td width=\"136\">\u00a0P. Toschi<\/td>\n<\/tr>\n<tr>\n<td width=\"56\">948<\/td>\n<td width=\"399\"><em>Biglietto d&#8217;ingresso al Teatro Ducale raffigurante Maria Luigia in<\/em><br \/>\n<em>vesti di Minerva<\/em><\/td>\n<td width=\"136\">\u00a0Studio Toschi<\/td>\n<\/tr>\n<tr>\n<td width=\"56\">1256<\/td>\n<td width=\"399\"><em>Ritratto di Paolo Toschi<\/em><\/td>\n<td width=\"136\">C. Raimondi<\/td>\n<\/tr>\n<tr>\n<td width=\"56\">1517<\/td>\n<td width=\"399\"><em>Ritratto S. M. Maria Luigia Principessa Imperiale Arciduchessa<\/em><br \/>\n<em>d&#8217;Austria Duchessa di Parma Piacenza e Guastalla<\/em><\/td>\n<td width=\"136\">A. Dalc\u00f2<\/td>\n<\/tr>\n<tr>\n<td width=\"56\">1715<\/td>\n<td width=\"399\"><em>Ritratto S. M. Maria Luigia Principessa Imperiale Arciduchessa<\/em><br \/>\n<em>d&#8217;Austria Duchessa di Parma Piacenza e Guastalla (lastra)<\/em><\/td>\n<td width=\"136\">A. Dalc\u00f2<\/td>\n<\/tr>\n<tr>\n<td width=\"56\">2044<\/td>\n<td width=\"399\"><em>Carta topografica dei luoghi presso Valera in cui si svolse la<\/em><br \/>\n<em>battaglia tra Austriaci e Gallo-sardi<\/em><\/td>\n<td width=\"136\">D. Valesi<\/td>\n<\/tr>\n<tr>\n<td width=\"56\">2397<\/td>\n<td width=\"399\"><em>Gentiluomo davanti alla Madonna del San Gerolamo<\/em><\/td>\n<td width=\"136\">C. Raimondi (?)<\/td>\n<\/tr>\n<tr>\n<td width=\"56\">66<\/td>\n<td width=\"399\"><em>Bozzetto per il sipario comodino del Teatro Regio<\/em><\/td>\n<td width=\"136\">V. Bertolotti<\/td>\n<\/tr>\n<tr>\n<td width=\"56\">1948<\/td>\n<td width=\"399\"><em>Il mendicante<\/em><\/td>\n<td width=\"136\">G. Sbravati<\/td>\n<\/tr>\n<tr>\n<td width=\"56\">1950<\/td>\n<td width=\"399\"><em>Il ramaio<\/em><\/td>\n<td width=\"136\">G. Sbravati<\/td>\n<\/tr>\n<tr>\n<td width=\"56\">2547<\/td>\n<td width=\"399\"><em>La veille de bataille<\/em><\/td>\n<td width=\"136\">E. Carlier<\/td>\n<\/tr>\n<tr>\n<td width=\"56\">2831<\/td>\n<td width=\"399\"><em>Carrozza mortuaria eseguita pel trasporto della salma di M.<\/em><br \/>\n<em>Luigia a Vienna<\/em><\/td>\n<td width=\"136\">V. Bertolotti<\/td>\n<\/tr>\n<\/tbody>\n<\/table>\n<\/div><div class=\"fusion-text fusion-text-15\"><p>11 luglio &#8211; 1\u00b0 novembre 2019<br \/>\n&#8220;Possagno\/Canova. Un tempio per l&#8217;eternit\u00e0&#8221;<br \/>\n<strong>Possagno (TV), Fondazione Canova<\/strong><\/p>\n<table>\n<tbody>\n<tr>\n<td width=\"64\"><strong>Inv.<\/strong><\/td>\n<td width=\"456\"><strong>Titolo<\/strong><\/td>\n<td width=\"155\"><strong>Autore<\/strong><\/td>\n<\/tr>\n<tr>\n<td width=\"64\"><\/td>\n<td width=\"456\"><\/td>\n<td width=\"155\"><\/td>\n<\/tr>\n<tr>\n<td width=\"64\">586<\/td>\n<td width=\"456\"><em>Antonio Canova pone la prima pietra per la costruzione del Tempio di Possagno<\/em><\/td>\n<td width=\"155\">J. A. Pock<\/td>\n<\/tr>\n<\/tbody>\n<\/table>\n<\/div><div class=\"fusion-text fusion-text-16\"><p>17 marzo &#8211; 1\u00b0 luglio 2018<br \/>\n&#8220;Pasini e l&#8217;Oriente. Luci e colori di terre lontane&#8221;<br \/>\n<strong>Mamiano di Traversetolo (PR), Fondazione Magnani-Rocca<\/strong><\/p>\n<table>\n<tbody>\n<tr>\n<td width=\"64\"><strong>Inv.<\/strong><\/td>\n<td width=\"456\"><strong>Titolo<\/strong><\/td>\n<td width=\"155\"><strong>Autore<\/strong><\/td>\n<\/tr>\n<tr>\n<td width=\"64\">103<\/td>\n<td width=\"456\"><em>Castello di Malgrate in Lunigiana<\/em><\/td>\n<td width=\"155\">A. Pasini<\/td>\n<\/tr>\n<\/tbody>\n<\/table>\n<table>\n<tbody>\n<tr>\n<td width=\"64\">105<\/td>\n<td width=\"456\"><em>Castello di Felino<\/em><\/td>\n<td width=\"155\">A. Pasini<\/td>\n<\/tr>\n<\/tbody>\n<\/table>\n<\/div><div class=\"fusion-text fusion-text-17\"><p>18 aprile &#8211; 7 giugno 2015<br \/>\n&#8220;Macedonio Melloni. Il calore e la luce invisibile&#8221;<br \/>\n<strong>Parma, Galleria San Ludovico<\/strong><\/p>\n<table>\n<tbody>\n<tr>\n<td width=\"64\"><strong>Inv.<\/strong><\/td>\n<td width=\"456\"><strong>Titolo<\/strong><\/td>\n<td width=\"155\"><strong>Autore<\/strong><\/td>\n<\/tr>\n<tr>\n<td width=\"64\"><\/td>\n<td width=\"456\"><\/td>\n<td width=\"155\"><\/td>\n<\/tr>\n<tr>\n<td width=\"64\">173<\/td>\n<td width=\"456\"><em>Ritratto del fisico Macedonio Melloni<\/em><\/td>\n<td width=\"155\">Scuola parmense XIX secolo<\/td>\n<\/tr>\n<\/tbody>\n<\/table>\n<\/div><div class=\"fusion-text fusion-text-18\"><p style=\"font-weight: 400;\">5 ottobre 2013 &#8211; 12 gennaio 2014<br \/>\n&#8220;Bodoni, principe dei tipografi nell&#8217;et\u00e0 dei Lumi e di Napoleone (1840-1813)&#8221;<br \/>\n<strong>Parma, Palazzo della Pilotta<\/strong><\/p>\n<table>\n<tbody>\n<tr>\n<td width=\"64\"><strong>Inv.<\/strong><\/td>\n<td width=\"456\"><strong>Titolo<\/strong><\/td>\n<td width=\"155\"><strong>Autore<\/strong><\/td>\n<\/tr>\n<tr>\n<td width=\"64\">17<\/td>\n<td width=\"456\"><em>Ritratto di Antonio Canova<\/em><\/td>\n<td width=\"155\">\u00a0T. Lawrence, ambito di<\/td>\n<\/tr>\n<tr>\n<td width=\"64\">166<\/td>\n<td width=\"456\"><em>Ritratto di Margherita Dall&#8217;Aglio Bodoni<\/em><\/td>\n<td width=\"155\">\u00a0G. Bossi<\/td>\n<\/tr>\n<tr>\n<td width=\"64\">458<\/td>\n<td width=\"456\"><em>Progetto di facciata per la Stamperia Ducale<\/em><\/td>\n<td width=\"155\">\u00a0E.A. Petitot<\/td>\n<\/tr>\n<tr>\n<td width=\"64\">855<\/td>\n<td width=\"456\"><em>Ritratto di Livia Carafa<\/em><\/td>\n<td width=\"155\">\u00a0P. Girgenti<\/td>\n<\/tr>\n<tr>\n<td width=\"64\">1665<\/td>\n<td width=\"456\"><em>Coppa della puerpera<\/em><\/td>\n<td width=\"155\">\u00a0Manifattura Dagoty<\/td>\n<\/tr>\n<tr>\n<td width=\"64\">1722<\/td>\n<td width=\"456\"><em>Pendola con Maria Luigia e il re di Roma<\/em><\/td>\n<td width=\"155\">P.P.Thomire, J.B. Odiot, attr. a<\/td>\n<\/tr>\n<tr>\n<td width=\"64\">1781<\/td>\n<td width=\"456\"><em>Medaglia decretata dal pubblico di Parma a Bodoni<\/em><\/td>\n<td width=\"155\">L. Manfredini<\/td>\n<\/tr>\n<tr>\n<td width=\"64\">1830<\/td>\n<td width=\"456\"><em>Scrittoio da viaggio appartenuto a Maria Luigia<\/em><\/td>\n<td width=\"155\"><\/td>\n<\/tr>\n<\/tbody>\n<\/table>\n<\/div><div class=\"fusion-text fusion-text-19\"><p style=\"font-weight: 400;\">26 settembre 2013-13 gennaio 2014<br \/>\n&#8220;Il progetto dell&#8217;illusione &#8211; Il Teatro Regio nell&#8217;Ottocento: nascita di un capolavoro del neoclassicismo&#8221;<br \/>\n<strong>Parma, Pinacoteca Stuard<\/strong><\/p>\n<table>\n<tbody>\n<tr>\n<td width=\"64\"><strong>Inv.<\/strong><\/td>\n<td width=\"456\"><strong>Titolo<\/strong><\/td>\n<td width=\"155\"><strong>Autore<\/strong><\/td>\n<\/tr>\n<tr>\n<td width=\"64\">80<\/td>\n<td width=\"456\"><em>Bozzetto per il sipario del Teatro Regio<\/em><\/td>\n<td width=\"155\">\u00a0G. B. Borghesi<\/td>\n<\/tr>\n<tr>\n<td width=\"64\">66<\/td>\n<td width=\"456\"><em>Bozzetto per il sipario comodino del Teatro Regio<\/em><\/td>\n<td width=\"155\">\u00a0V. Bertolotti<\/td>\n<\/tr>\n<tr>\n<td width=\"64\">824<\/td>\n<td width=\"456\"><em>Studio di amorini con strumenti musicali<\/em><\/td>\n<td width=\"155\">\u00a0P. Toschi<\/td>\n<\/tr>\n<tr>\n<td width=\"64\">948<\/td>\n<td width=\"456\"><em>Biglietto d&#8217;ingresso al regio con Maria Luigia in veste di Minerva<\/em><\/td>\n<td width=\"155\">\u00a0Studio Toschi<\/td>\n<\/tr>\n<tr>\n<td width=\"64\">2183<\/td>\n<td width=\"456\"><em>Monumenti e munificenze di Maria Luigia &#8211; Teatro Regio<\/em><\/td>\n<td width=\"155\">\u00a0P. Mazza<\/td>\n<\/tr>\n<\/tbody>\n<\/table>\n<\/div><div class=\"fusion-text fusion-text-20\"><p style=\"font-weight: 400;\">27 ottobre 2012-27 gennaio 2013<br \/>\n&#8220;Guglielmo Du Tillot, regista delle arti nell&#8217;et\u00e0 dei Lumi&#8221;<br \/>\n<strong>Parma, Palazzo Bossi-Bocchi<\/strong><\/p>\n<table>\n<tbody>\n<tr>\n<td width=\"56\"><strong>Inv.<\/strong><\/td>\n<td width=\"399\"><strong>Titolo<\/strong><\/td>\n<td width=\"136\"><strong>Autore<\/strong><\/td>\n<\/tr>\n<tr>\n<td width=\"56\">438<\/td>\n<td width=\"399\"><em>Progetto per la macchina dei fuochi nel giardino ducale<\/em><\/td>\n<td width=\"136\">\u00a0E. A. Petitot<\/td>\n<\/tr>\n<tr>\n<td width=\"56\">404<\/td>\n<td width=\"399\"><em>Ridda di putti vendemmiatori<\/em><\/td>\n<td width=\"136\">\u00a0L. F. de La Rue<\/td>\n<\/tr>\n<tr>\n<td width=\"56\">2152<\/td>\n<td width=\"399\"><em>Vaso da fiori in maiolica policroma<\/em><\/td>\n<td width=\"136\">\u00a0E. A. Petitot<\/td>\n<\/tr>\n<tr>\n<td width=\"56\">2153<\/td>\n<td width=\"399\"><em>Vaso da fiori in maiolica policroma<\/em><\/td>\n<td width=\"136\">\u00a0E. A. Petitot<\/td>\n<\/tr>\n<tr>\n<td width=\"56\">130<\/td>\n<td width=\"399\"><em>Ritratto del ministro Guglielmo Du Tillot<\/em><\/td>\n<td width=\"136\">\u00a0P. Toschi<\/td>\n<\/tr>\n<\/tbody>\n<\/table>\n<p style=\"font-weight: 400;\"><strong>\u00a0<\/strong><\/p>\n<\/div><div class=\"fusion-text fusion-text-21\"><p style=\"font-weight: 400;\">2 giugno-7 ottobre 2012<br \/>\n&#8220;Napoleon. Devolution to Empire&#8221;<br \/>\n<strong>Melbourne, National Gallery of Victoria<\/strong><\/p>\n<table>\n<tbody>\n<tr>\n<td width=\"55\"><strong>Inv.<\/strong><\/td>\n<td width=\"400\"><strong>Titolo<\/strong><\/td>\n<td width=\"136\"><strong>Autore<\/strong><\/td>\n<\/tr>\n<tr>\n<td width=\"55\">1531<\/td>\n<td width=\"400\"><em>Busto di Napoleone<\/em><\/td>\n<td width=\"136\">A. Canova<\/td>\n<\/tr>\n<\/tbody>\n<\/table>\n<\/div><div class=\"fusion-text fusion-text-22\"><p style=\"font-weight: 400;\">19 novembre 2011 &#8211; 20 febbraio 2012<br \/>\n&#8220;Immagini della citt\u00e0 dal Ducato all&#8217;Unit\u00e0 d&#8217;Italia&#8221;<br \/>\n<strong>Parma, Palazzo Bossi-Bocchi<\/strong><\/p>\n<table>\n<tbody>\n<tr>\n<td width=\"55\"><strong>Inv.<\/strong><\/td>\n<td width=\"400\"><strong>Titolo<\/strong><\/td>\n<td width=\"136\"><strong>Autore<\/strong><\/td>\n<\/tr>\n<tr>\n<td width=\"55\">48<\/td>\n<td width=\"400\"><em>Il Palazzo Ducale di Parma<\/em><\/td>\n<td width=\"136\">G. Alinovi<\/td>\n<\/tr>\n<\/tbody>\n<\/table>\n<\/div><div class=\"fusion-text fusion-text-23\"><p style=\"font-weight: 400;\">24 settembre-24 novembre 2011<br \/>\n&#8220;Lo sguardo della perfezione.<br \/>\nRitratti di Giambattista Bodoni del XVIII e del XIX secolo: modelli e copie&#8221;<br \/>\n<strong>Parma, Museo Bodoniano-Biblioteca Palatina<\/strong><\/p>\n<table>\n<tbody>\n<tr>\n<td width=\"54\"><strong>Inv.<\/strong><\/td>\n<td width=\"345\"><strong>Titolo<\/strong><\/td>\n<td width=\"128\"><strong>Autore<\/strong><\/td>\n<\/tr>\n<tr>\n<td width=\"54\">167<\/td>\n<td width=\"345\"><em>Ultimo ritratto di Giambattista Bodoni<\/em><\/td>\n<td width=\"128\">G. Lucatelli<\/td>\n<\/tr>\n<tr>\n<td width=\"54\">1780<\/td>\n<td width=\"345\"><em>Medaglia d&#8217;onore decretata dal Pubblico di Parma a Bodoni &#8211; argento<\/em><\/td>\n<td width=\"128\">L. Manfredini<\/td>\n<\/tr>\n<tr>\n<td width=\"54\">1781<\/td>\n<td width=\"345\"><em>Medaglia d&#8217;onore decretata dal Pubblico di Parma a Bodoni &#8211; bronzo dorato<\/em><\/td>\n<td width=\"128\">L. Manfredini<\/td>\n<\/tr>\n<\/tbody>\n<\/table>\n<\/div><div class=\"fusion-text fusion-text-24\"><p style=\"font-weight: 400;\">15 gennaio-27 marzo 2011<br \/>\n&#8220;1860 prima e dopo. Gli artisti parmensi e l&#8217;Unit\u00e0 italiana&#8221;<br \/>\n<strong>Parma, Palazzo Bossi-Bocchi<\/strong><\/p>\n<table>\n<tbody>\n<tr>\n<td width=\"56\"><strong>Inv.<\/strong><\/td>\n<td width=\"399\"><strong>Titolo<\/strong><\/td>\n<td width=\"136\"><strong>Autore<\/strong><\/td>\n<\/tr>\n<tr>\n<td width=\"56\">1931<\/td>\n<td width=\"399\"><em>Distintivo indossato dalla Dame di Corte di Luisa Maria<\/em><\/td>\n<td width=\"136\">\u00a0Anonimo<\/td>\n<\/tr>\n<tr>\n<td width=\"56\">1771<\/td>\n<td width=\"399\"><em>Punzone per conio di diritto di medaglia con le effigi di Roberto di Borbone e della madre Luisa Maria<\/em><\/td>\n<td width=\"136\">\u00a0Anonimo<\/td>\n<\/tr>\n<tr>\n<td width=\"56\">1761<\/td>\n<td width=\"399\"><em>Conio di diritto di moneta con le effigi del duca Roberto di Borbone e di sua madre Luisa Maria<\/em><\/td>\n<td width=\"136\">\u00a0D. Bentelli<\/td>\n<\/tr>\n<tr>\n<td width=\"56\">1932<\/td>\n<td width=\"399\"><em>Medaglia con i profili del duca Roberto di Borbone e di sua madre Luisa Maria<\/em><\/td>\n<td width=\"136\">\u00a0D.Bentelli<\/td>\n<\/tr>\n<tr>\n<td width=\"56\">1763<\/td>\n<td width=\"399\"><em>Punzone per conio di diritto di medaglia per l&#8217;Esposizione Nazionale di Belle Arti<\/em><\/td>\n<td width=\"136\">\u00a0D. Bentelli<\/td>\n<\/tr>\n<tr>\n<td width=\"56\">1784<\/td>\n<td width=\"399\"><em>Medaglia offerta all&#8217;incisore Carlo Raimondi in occasione dell&#8217;Esposizione Nazionale di Belle Arti<\/em><\/td>\n<td width=\"136\">\u00a0D. Bentelli<\/td>\n<\/tr>\n<tr>\n<td width=\"56\">229<\/td>\n<td width=\"399\"><em>Personaggi in costume per un ballo a corte<\/em><\/td>\n<td width=\"136\">G. Carmignani<\/td>\n<\/tr>\n<tr>\n<td width=\"56\">217<\/td>\n<td width=\"399\"><em>Ritratto di Enrico di Borbone, figlio di Carlo III<\/em><\/td>\n<td width=\"136\">L. Bigola<\/td>\n<\/tr>\n<tr>\n<td width=\"56\">218<\/td>\n<td width=\"399\"><em>Ritratto di Carlo III di Borbone sullo sfondo della Cittadella<\/em><\/td>\n<td width=\"136\">L. Bigola<\/td>\n<\/tr>\n<tr>\n<td width=\"56\">219<\/td>\n<td width=\"399\"><em>Carlo III con le figlie<\/em><\/td>\n<td width=\"136\">V. Bertolotti<\/td>\n<\/tr>\n<tr>\n<td width=\"56\">223<\/td>\n<td width=\"399\"><em>Ballo alla corte di parma alla presenza\u00a0<\/em><em>\u00a0<\/em><em>dei figli di Carlo III<\/em><\/td>\n<td width=\"136\">G. Gaibazzi<\/td>\n<\/tr>\n<tr>\n<td width=\"56\">225<\/td>\n<td width=\"399\"><em>Ritratto di Luisa Maria di Berry, moglie di Carlo III di Borbone<\/em><\/td>\n<td width=\"136\">L. Bigola<\/td>\n<\/tr>\n<tr>\n<td width=\"56\">227<\/td>\n<td width=\"399\"><em>Ritratto di Alice di Borbone,figlia di Carlo III<\/em><\/td>\n<td width=\"136\">L. Bigola<\/td>\n<\/tr>\n<tr>\n<td width=\"56\">587<\/td>\n<td width=\"399\"><em>Personaggi in costume per un ballo a corte<\/em><\/td>\n<td width=\"136\">G. Carmignani<\/td>\n<\/tr>\n<tr>\n<td width=\"56\">1766<\/td>\n<td width=\"399\"><em>Conio di diritto di medaglia dedicata a Vittorio Emanuele II<\/em><\/td>\n<td width=\"136\">\u00a0D. Bentelli<\/td>\n<\/tr>\n<tr>\n<td width=\"56\">1767<\/td>\n<td width=\"399\"><em>Conio di rovescio\u00a0<\/em><em>\u00a0<\/em><em>di medaglia dedicata a Vittorio Emanuele II<\/em><\/td>\n<td width=\"136\">\u00a0D. Bentelli<\/td>\n<\/tr>\n<tr>\n<td width=\"56\">564<\/td>\n<td width=\"399\"><em>Il Correggio appare a Paolo Toschi<\/em><\/td>\n<td width=\"136\">F. Scaramuzza<\/td>\n<\/tr>\n<tr>\n<td width=\"56\">1055,\u00a0678, 679<\/td>\n<td width=\"399\"><em>Ritratto del conte di Chambord<\/em><\/td>\n<td width=\"136\">L. Bigola<\/td>\n<\/tr>\n<tr>\n<td width=\"56\">2271<\/td>\n<td width=\"399\"><em>Visione prospettica dei bagni di Carlo III<\/em><\/td>\n<td width=\"136\">V. Bertolotti<\/td>\n<\/tr>\n<tr>\n<td width=\"56\">490<\/td>\n<td width=\"399\"><em>San Napoleone martire<\/em><\/td>\n<td width=\"136\">F. Scaramuzza<\/td>\n<\/tr>\n<tr>\n<td width=\"56\">2037<\/td>\n<td width=\"399\"><em>Lastra incisa per il San Napoleone martire<\/em><\/td>\n<td width=\"136\">F. Silvani<\/td>\n<\/tr>\n<tr>\n<td width=\"56\">1526<\/td>\n<td width=\"399\"><em>Stemma araldico di Carlo III<\/em><\/td>\n<td width=\"136\">V. Bertolotti<\/td>\n<\/tr>\n<tr>\n<td width=\"56\">888<\/td>\n<td width=\"399\"><em>Ritratto di Vittorio Emanuele II<\/em><\/td>\n<td width=\"136\">L. Bigola<\/td>\n<\/tr>\n<tr>\n<td width=\"56\">2165<\/td>\n<td width=\"399\"><em>Ritratto di Vittorio Emanuele II<\/em><\/td>\n<td width=\"136\">D. Bentelli<\/td>\n<\/tr>\n<tr>\n<td width=\"56\">1286<\/td>\n<td width=\"399\"><em>La Strega<\/em><\/td>\n<td width=\"136\">E. Raimondi<\/td>\n<\/tr>\n<\/tbody>\n<\/table>\n<\/div><div class=\"fusion-text fusion-text-25\"><p style=\"font-weight: 400;\">17 dicembre 2010-25 aprile 2011<br \/>\n&#8220;Napoleon und Europa. Traum und Trauma&#8221;<br \/>\n<strong>Bonn, Bundeskunsthalle<\/strong><\/p>\n<table>\n<tbody>\n<tr>\n<td width=\"55\">\u00a0 \u00a0\u00a0<strong>Inv.<\/strong><\/td>\n<td width=\"376\"><strong>Titolo<\/strong><\/td>\n<td width=\"152\"><strong>Autore<\/strong><\/td>\n<\/tr>\n<tr>\n<td width=\"55\">50<\/td>\n<td width=\"376\"><em>Allegoria delle vittorie napoleoniche<\/em><\/td>\n<td width=\"152\">\u00a0R. Morghen<\/td>\n<\/tr>\n<tr>\n<td width=\"55\">2531<\/td>\n<td width=\"376\"><em>Busto di Napoleone Bonaparte<\/em><\/td>\n<td width=\"152\">\u00a0A. Canova<\/td>\n<\/tr>\n<tr>\n<td width=\"55\">17<\/td>\n<td width=\"376\"><em>Ritratto dello scultore Antonio Canova<\/em><\/td>\n<td width=\"152\">\u00a0T. Lawrence (ambito di)<\/td>\n<\/tr>\n<tr>\n<td width=\"55\">1588<\/td>\n<td width=\"376\"><em>Gazzetta di Parma n. 59 del 24 luglio 1821<\/em><\/td>\n<td width=\"152\"><\/td>\n<\/tr>\n<tr>\n<td width=\"55\">621<\/td>\n<td width=\"376\"><em>Il re di Roma in sembianze di Amore addormentato<\/em><\/td>\n<td width=\"152\">G.B. Borghesi<\/td>\n<\/tr>\n<tr>\n<td width=\"55\">1030<\/td>\n<td width=\"376\"><em>Apoteosi di Napoleone<\/em><\/td>\n<td width=\"152\">L.-S. Marin-Lavigne<\/td>\n<\/tr>\n<\/tbody>\n<\/table>\n<\/div><div class=\"fusion-text fusion-text-26\"><p style=\"font-weight: 400;\">30 settembre 2010-23 gennaio 2011<br \/>\n&#8220;Staging Power. Napoleon, Karl Johan, Alexander&#8221;<br \/>\n<strong>Stoccolma, Nationalmuseum<\/strong><\/p>\n<table>\n<tbody>\n<tr>\n<td width=\"48\"><strong>Inv.<\/strong><\/td>\n<td width=\"378\"><strong>Titolo<\/strong><\/td>\n<td width=\"147\"><strong>Autore<\/strong><\/td>\n<\/tr>\n<tr>\n<td width=\"48\">22<\/td>\n<td width=\"378\"><em>Il re di Roma in sembianze di Amore addormentato<\/em><\/td>\n<td width=\"147\">\u00a0P. P. Prud&#8217;hon<\/td>\n<\/tr>\n<tr>\n<td width=\"48\">1675<\/td>\n<td width=\"378\"><em>Pendola con effigie del re di Roma<\/em><\/td>\n<td width=\"147\">\u00a0Manifattura francese<\/td>\n<\/tr>\n<tr>\n<td width=\"48\">1722<\/td>\n<td width=\"378\"><em>Pendola con Maria Luigia che tiene in braccio il re di Roma<\/em><\/td>\n<td width=\"147\">\u00a0P. P. Thomire,\u00a0\u00a0\u00a0\u00a0\u00a0\u00a0\u00a0\u00a0\u00a0\u00a0 J. B. Odiot<\/td>\n<\/tr>\n<\/tbody>\n<\/table>\n<\/div><div class=\"fusion-text fusion-text-27\"><p style=\"font-weight: 400;\">3-25 luglio 2010<br \/>\n&#8220;Maria Luigia&#8221;<br \/>\n<strong>Berceto (PR), Centro di documentazione della Via Francigena<\/strong><\/p>\n<table>\n<tbody>\n<tr>\n<td width=\"47\"><strong>Inv.<\/strong><\/td>\n<td width=\"304\"><strong>Titolo<\/strong><\/td>\n<td width=\"215\"><strong>Autore<\/strong><\/td>\n<\/tr>\n<tr>\n<td width=\"47\">937<\/td>\n<td width=\"304\"><em>Napoleone e Maria Luigia in vestigia imperiali<\/em><\/td>\n<td width=\"215\">Giovanni Bigatti<\/p>\n<p>(attivo tra XVIII e XIX secolo)<\/td>\n<\/tr>\n<\/tbody>\n<\/table>\n<\/div><div class=\"fusion-text fusion-text-28\"><p style=\"font-weight: 400;\">27 marzo-19 luglio 2010<br \/>\n&#8220;1810, la politique de l&#8217;Amour. Napol\u00e9on Ier et Marie-Louise \u00e0 Compi\u00e9gne&#8221;<br \/>\n<strong>Castello di Compi\u00e9gne<\/strong><\/p>\n<table>\n<tbody>\n<tr>\n<td width=\"56\"><strong>Inv.<\/strong><\/td>\n<td width=\"372\"><strong>Titolo<\/strong><\/td>\n<td width=\"147\"><strong>Autore<\/strong><\/td>\n<\/tr>\n<tr>\n<td width=\"56\">1595<\/td>\n<td width=\"372\"><em>Lettera di Napoleone a Maria Luigia<\/em><\/td>\n<td width=\"147\"><\/td>\n<\/tr>\n<tr>\n<td width=\"56\">1892<\/td>\n<td width=\"372\"><em>Lettera di Francesco I, imperatore d&#8217;Austria, a Maria Luigia<\/em><\/td>\n<td width=\"147\"><\/td>\n<\/tr>\n<tr>\n<td width=\"56\">1893<\/td>\n<td width=\"372\"><em>Lettera di Maria Ludovica, imperatrice d&#8217;Austria, a Maria Luigia<\/em><\/td>\n<td width=\"147\"><\/td>\n<\/tr>\n<tr>\n<td width=\"56\">1876<\/td>\n<td width=\"372\"><em>Cassetta da lavoro di Maria Luigia<\/em><\/td>\n<td width=\"147\">Manifattura francese<\/td>\n<\/tr>\n<tr>\n<td width=\"56\">1621<\/td>\n<td width=\"372\"><em>Farmacia da viaggio di Maria Luigia<\/em><\/td>\n<td width=\"147\">Manifattura francese<\/td>\n<\/tr>\n<tr>\n<td width=\"56\">1622<\/td>\n<td width=\"372\"><em>Frammento del manto imperiale di Maria Luigia<\/em><\/td>\n<td width=\"147\">Atelier Le Roy<\/td>\n<\/tr>\n<\/tbody>\n<\/table>\n<\/div><div class=\"fusion-text fusion-text-29\"><p style=\"font-weight: 400;\">25 settembre-25 novembre 2009<br \/>\n&#8220;Il Ducato in scena&#8221;<br \/>\n<strong>Parma, Biblioteca Palatina<\/strong><\/p>\n<table>\n<tbody>\n<tr>\n<td width=\"55\"><strong>Inv.<\/strong><\/td>\n<td width=\"406\"><strong>Titolo<\/strong><\/td>\n<td width=\"178\"><strong>Autore<\/strong><\/td>\n<\/tr>\n<tr>\n<td width=\"55\">167<\/td>\n<td width=\"406\"><em>Ultimo ritratto di Giambattista Bodoni<\/em><\/td>\n<td width=\"178\">G. Lucatelli\u00a0(1757-1822)<\/td>\n<\/tr>\n<tr>\n<td width=\"55\">28<\/td>\n<td width=\"406\"><em>Ritratto del padre teatino Paciaudi<\/em><\/td>\n<td width=\"178\">G. Lucatelli\u00a0(1757-1822)<\/td>\n<\/tr>\n<tr>\n<td width=\"55\">440<\/td>\n<td width=\"406\"><em>Figura di staffiere<\/em><\/td>\n<td width=\"178\">E.A. Petitot (1727-1801)<\/td>\n<\/tr>\n<tr>\n<td width=\"55\">457<\/td>\n<td width=\"406\"><em>Fuochi d&#8217;artificio nel Giardino di Colorno<\/em><\/td>\n<td width=\"178\">E.A. Petitot (1727-1801)<\/td>\n<\/tr>\n<tr>\n<td width=\"55\">\u00a0795<\/td>\n<td width=\"406\"><em>Palanchino per un balletto cinese<\/em><\/td>\n<td width=\"178\">E.A. Petitot (1727-1801)<\/td>\n<\/tr>\n<tr>\n<td width=\"55\">460<\/td>\n<td width=\"406\"><em>Fregio con putti<\/em><\/td>\n<td width=\"178\">E.A. Petitot (1727-1801)<\/td>\n<\/tr>\n<tr>\n<td width=\"55\">1026<\/td>\n<td width=\"406\"><em>Biglietto d&#8217;ingresso per la Fiera Cinese delle Reali Nozze<\/em><\/td>\n<td width=\"178\">E.A. Petitot (1727-1801)<\/td>\n<\/tr>\n<tr>\n<td width=\"55\">447<\/td>\n<td width=\"406\"><em>Parete nell&#8217;appartamento della duchessa nel Palazzo di Riserva<\/em><\/td>\n<td width=\"178\">E.A. Petitot (1727-1801)<\/td>\n<\/tr>\n<tr>\n<td width=\"55\">458<\/td>\n<td width=\"406\"><em>Facciata della Stamperia Ducale<\/em><\/td>\n<td width=\"178\">E.A. Petitot (1727-1801)<\/td>\n<\/tr>\n<tr>\n<td width=\"55\">461<\/td>\n<td width=\"406\"><em>Trofeo con panoplia<\/em><\/td>\n<td width=\"178\">E.A. Petitot (1727-1801)<\/td>\n<\/tr>\n<tr>\n<td width=\"55\">1025<\/td>\n<td width=\"406\"><em>Biglietto d&#8217;ingresso per la Platea delle Reali Nozze<\/em><\/td>\n<td width=\"178\">E.A. Petitot (1727-1801)<\/td>\n<\/tr>\n<tr>\n<td width=\"55\">1859<\/td>\n<td width=\"406\"><em>Lastra incisa con capolettera &#8220;I&#8221;<\/em><\/td>\n<td width=\"178\">D. Colussi, E.A. Petitot (1727-1801)<\/td>\n<\/tr>\n<tr>\n<td width=\"55\">\u00a01860<\/td>\n<td width=\"406\"><em>Lastra incisa con capolettera &#8220;L&#8221;<\/em><\/td>\n<td width=\"178\">D. Colussi,\u00a0E.A. Petitot (1727-1801)<\/td>\n<\/tr>\n<tr>\n<td width=\"55\">1861<\/td>\n<td width=\"406\"><em>Lastra incisa raffigurante fregio con putti<\/em><\/td>\n<td width=\"178\">B. Bossi (1727-1792), E.A. Petitot (1727-1801)<\/td>\n<\/tr>\n<tr>\n<td width=\"55\">1024<\/td>\n<td width=\"406\"><em>Biglietto d&#8217;ingresso all&#8217;Anfiteatro per le Reali Nozze<\/em><\/td>\n<td width=\"178\">B. Bossi (1727-1792),\u00a0 E.A. Petitot (1727-1801)<\/td>\n<\/tr>\n<tr>\n<td width=\"55\">401<\/td>\n<td width=\"406\"><em>Venere<\/em><\/td>\n<td width=\"178\">J.B. Boudard (1710-1768)<\/td>\n<\/tr>\n<\/tbody>\n<\/table>\n<\/div><div class=\"fusion-text fusion-text-30\"><p style=\"font-weight: 400;\">25 gennaio-21 giugno 2009<br \/>\n&#8220;Canova, l&#8217;ideale classico tra scultura e pittura&#8221;<br \/>\n<strong>Forl\u00ec, Musei di San Domenico<\/strong><\/p>\n<table>\n<tbody>\n<tr>\n<td width=\"56\"><strong>Inv.<\/strong><\/td>\n<td width=\"217\"><strong>Titolo<\/strong><\/td>\n<td width=\"147\"><strong>Autore<\/strong><\/td>\n<\/tr>\n<tr>\n<td width=\"56\">2532<\/td>\n<td width=\"217\"><em>Erma di Maria Luigia d&#8217;Asburgo<\/em><\/td>\n<td width=\"147\">Antonio Canova (1757-1822)<\/td>\n<\/tr>\n<\/tbody>\n<\/table>\n<p style=\"font-weight: 400;\"><strong>\u00a0<\/strong><\/p>\n<\/div><div class=\"fusion-text fusion-text-31\"><p style=\"font-weight: 400;\">31 maggio-15 settembre 2008<br \/>\n&#8220;Goya e Italia&#8221;<br \/>\n<strong>Saragozza, Museo de Zaragoza<\/strong><\/p>\n<table>\n<tbody>\n<tr>\n<td width=\"78\"><strong>Inv.<\/strong><\/td>\n<td width=\"281\"><strong>Titolo<\/strong><\/td>\n<td width=\"166\"><strong>Autore<\/strong><\/td>\n<\/tr>\n<tr>\n<td width=\"78\">971-981<\/td>\n<td width=\"281\"><em>Mascarade a la Grecque<\/em><\/td>\n<td width=\"166\">E.A. Petitot<\/td>\n<\/tr>\n<tr>\n<td width=\"78\">376<\/td>\n<td width=\"281\"><em>Ritratto del letterato conte Carlo Castone della Torre di Rezzonico<\/em><\/td>\n<td width=\"166\">Anonimo XVIII secolo<\/td>\n<\/tr>\n<\/tbody>\n<\/table>\n<p style=\"font-weight: 400;\"><strong>\u00a0<\/strong><\/p>\n<\/div><div class=\"fusion-text fusion-text-32\"><p style=\"font-weight: 400;\">18 novembre 2006-14 gennaio 2007<br \/>\n&#8220;Notai a Parma X-XX secolo&#8221;<br \/>\n<strong>Parma, Palazzo del Vescovado<\/strong><\/p>\n<table>\n<tbody>\n<tr>\n<td width=\"52\"><strong>Inv.<\/strong><\/td>\n<td width=\"372\"><strong>Titolo<\/strong><\/td>\n<td width=\"97\"><strong>Autore<\/strong><\/td>\n<\/tr>\n<tr>\n<td width=\"52\">28<\/td>\n<td width=\"372\">Ritratto del padre teatino Paolo Maria Paciaudi<\/td>\n<td width=\"97\">G. Lucatelli<\/td>\n<\/tr>\n<\/tbody>\n<\/table>\n<p style=\"font-weight: 400;\"><strong>\u00a0<\/strong><\/p>\n<\/div><div class=\"fusion-text fusion-text-33\"><p style=\"font-weight: 400;\">14 aprile-14\u00a0\u00a0giugno 2006<br \/>\n&#8220;All&#8217;ombra della Badessa: Toschi interpreta Correggio&#8221;<br \/>\n<strong>Parma, Camera di San Paolo<\/strong><\/p>\n<table>\n<tbody>\n<tr>\n<td width=\"56\"><strong>Inv.<\/strong><\/td>\n<td width=\"372\"><strong>Titolo<\/strong><\/td>\n<td width=\"93\"><strong>Autore<\/strong><\/td>\n<\/tr>\n<tr>\n<td width=\"56\">124<\/td>\n<td width=\"372\"><em>Ritratto di Paolo Toschi<\/em><\/td>\n<td width=\"93\">G. Molteni<\/td>\n<\/tr>\n<tr>\n<td width=\"56\">1796<\/td>\n<td width=\"372\"><em>Lastra incisa per &#8220;La Madonna del San Girolamo&#8221;<\/em><\/td>\n<td width=\"93\">P. Toschi<\/p>\n<p>L. Bigola<\/td>\n<\/tr>\n<tr>\n<td width=\"56\">956<\/td>\n<td width=\"372\"><em>\u00a0La Madonna del San Girolamo (incisione)<\/em><\/td>\n<td width=\"93\">P. Toschi<\/p>\n<p>L. Bigola<\/td>\n<\/tr>\n<\/tbody>\n<\/table>\n<\/div><div class=\"fusion-text fusion-text-34\"><p style=\"font-weight: 400;\">6-7 maggio 2006<br \/>\n&#8220;De Gustibus&#8221;<br \/>\n<strong>Carignano (PR), Villa Malenchini<\/strong><\/p>\n<table>\n<tbody>\n<tr>\n<td width=\"56\"><strong>Inv.<\/strong><\/td>\n<td width=\"372\"><strong>Titolo<\/strong><\/td>\n<td width=\"113\"><strong>Autore<\/strong><\/td>\n<\/tr>\n<tr>\n<td width=\"56\">1747<\/td>\n<td width=\"372\">Centrotavola appartenuto all&#8217;Imperatrice Maria Luigia<\/td>\n<td width=\"113\">P.P. Odiot<\/p>\n<p>J.-B. Thomire<\/td>\n<\/tr>\n<\/tbody>\n<\/table>\n<\/div><div class=\"fusion-text fusion-text-35\"><p style=\"font-weight: 400;\">2-22 maggio 2006<br \/>\n&#8220;Roma con gli occhi di Stendhal&#8221;<br \/>\n<strong>Roma, Vittoriano<\/strong><\/p>\n<table>\n<tbody>\n<tr>\n<td width=\"52\"><strong>Inv.<\/strong><\/td>\n<td width=\"251\"><strong>Titolo<\/strong><\/td>\n<td width=\"96\"><strong>Autore<\/strong><\/td>\n<\/tr>\n<tr>\n<td width=\"52\">17<\/td>\n<td width=\"251\">Ritratto di Antonio Canova<\/td>\n<td width=\"96\">T. Lawrence<\/td>\n<\/tr>\n<\/tbody>\n<\/table>\n<\/div><div class=\"fusion-text fusion-text-36\"><p style=\"font-weight: 400;\">18 dicembre 2005- 28\u00a0\u00a0febbraio 2006<br \/>\n&#8220;Napoleone e Bodoni&#8221;<br \/>\n<strong>Parma, Palazzo Bossi Bocchi<\/strong><\/p>\n<table>\n<tbody>\n<tr>\n<td width=\"52\"><strong>Inv.<\/strong><\/td>\n<td width=\"219\"><strong>Titolo<\/strong><\/td>\n<td width=\"126\"><strong>Autore<\/strong><\/td>\n<\/tr>\n<tr>\n<td width=\"52\">621<\/td>\n<td width=\"219\"><em>Il Re di Roma addormentato<\/em><\/td>\n<td width=\"126\">G.B. Borghesi<\/td>\n<\/tr>\n<\/tbody>\n<\/table>\n<\/div><div class=\"fusion-text fusion-text-37\"><p style=\"font-weight: 400;\">15 settembre-27 novembre 2005<br \/>\n&#8220;Giocondo Albertolli (Bedano 1742-Milano 1839). La gloria dell&#8217;Ornato nell&#8217;Italia Neoclassica&#8221;<br \/>\n<strong>Zurigo, Pinacoteca Zuest<\/strong><\/p>\n<table>\n<tbody>\n<tr>\n<td width=\"55\">\u00a0<strong>Inv.<\/strong><\/td>\n<td width=\"214\"><strong>Titolo<\/strong><\/td>\n<td width=\"147\"><strong>Autore<\/strong><\/td>\n<\/tr>\n<tr>\n<td width=\"55\">420<\/td>\n<td width=\"214\"><em>Parete grande della sala grande<\/em><\/td>\n<td width=\"147\">E.A. Petitot<\/td>\n<\/tr>\n<tr>\n<td width=\"55\">547<\/td>\n<td width=\"214\"><em>Progetto per libreria<\/em><\/td>\n<td width=\"147\">E.A. Petitot<\/td>\n<\/tr>\n<\/tbody>\n<\/table>\n<\/div><div class=\"fusion-text fusion-text-38\"><p style=\"font-weight: 400;\">19 novembre 2004-3 aprile 2005<br \/>\n&#8220;Paesaggi &#8211; Visioni e interpretazioni della natura nell&#8217;arte italiana dell&#8217;Ottocento&#8221;<br \/>\n<strong>Pavia, Castello Visconteo<\/strong><\/p>\n<table>\n<tbody>\n<tr>\n<td width=\"52\"><strong>Inv.<\/strong><\/td>\n<td width=\"235\"><strong>Titolo<\/strong><\/td>\n<td width=\"104\"><strong>Autore<\/strong><\/td>\n<\/tr>\n<tr>\n<td width=\"52\">88<\/td>\n<td width=\"235\"><em>Il battesimo di Cristo<\/em><\/td>\n<td width=\"104\">G. Boccaccio<\/td>\n<\/tr>\n<\/tbody>\n<\/table>\n<\/div><div class=\"fusion-text fusion-text-39\"><p style=\"font-weight: 400;\">25 novembre 2004-31 marzo 2005<br \/>\n&#8220;La pourpre et l&#8217;exil &#8211; l&#8217;Aiglon et le Prince Imp\u00e9rial&#8221;<br \/>\n<strong>Castello di Compiegne<\/strong><\/p>\n<table>\n<tbody>\n<tr>\n<td width=\"56\"><strong>Inv.<\/strong><\/td>\n<td width=\"372\"><strong>Titolo<\/strong><\/td>\n<td width=\"147\"><strong>Autore<\/strong><\/td>\n<\/tr>\n<tr>\n<td width=\"56\">54<\/td>\n<td width=\"372\"><em>L&#8217;arciduchessa Sofia e la figlia<\/em><\/td>\n<td width=\"147\">J. Ender<\/td>\n<\/tr>\n<tr>\n<td width=\"56\">33<\/td>\n<td width=\"372\"><em>Cavalli in corsa<\/em><\/td>\n<td width=\"147\">Duca di Reichstadt<\/td>\n<\/tr>\n<tr>\n<td width=\"56\">1727<\/td>\n<td width=\"372\"><em>Scrittoio<\/em><\/td>\n<td width=\"147\">Balthazar<\/td>\n<\/tr>\n<tr>\n<td width=\"56\">1565<\/td>\n<td width=\"372\"><em>Sette bustine contenenti ciocche di capelli del duca di Reichstadt<\/em><\/td>\n<td width=\"147\"><\/td>\n<\/tr>\n<tr>\n<td width=\"56\">1569<\/td>\n<td width=\"372\"><em>Stemma dell&#8217;Ordine Costantiniano di San Giorgio<\/em><\/td>\n<td width=\"147\"><\/td>\n<\/tr>\n<tr>\n<td width=\"56\">1906<\/td>\n<td width=\"372\"><em>Lettera di Francesco Napoleone a Maria Luigia<\/em><\/td>\n<td width=\"147\"><\/td>\n<\/tr>\n<tr>\n<td width=\"56\">1563<\/td>\n<td width=\"372\"><em>Collezione di 86 pietre dure<\/em><\/td>\n<td width=\"147\"><\/td>\n<\/tr>\n<tr>\n<td width=\"56\">31<\/td>\n<td width=\"372\"><em>Ritratto di Maurice Dietrichstein<\/em><\/td>\n<td width=\"147\">Anonimo<\/td>\n<\/tr>\n<tr>\n<td width=\"56\">1575<\/td>\n<td width=\"372\"><em>Lettera autografa del duca di Reichstadt a Maria Luigia<\/em><\/td>\n<td width=\"147\"><\/td>\n<\/tr>\n<tr>\n<td width=\"56\">1917<\/td>\n<td width=\"372\"><em>Busto in marmo del conte Neipperg<\/em><\/td>\n<td width=\"147\">L. Bartolini<\/td>\n<\/tr>\n<tr>\n<td width=\"56\">1713<\/td>\n<td width=\"372\"><em>Medaglione con profilo di Maria Luigia<\/em><\/td>\n<td width=\"147\">G.A. Santarelli<\/td>\n<\/tr>\n<\/tbody>\n<\/table>\n<\/div><\/div><\/div><\/div><\/div><\/p>\n","protected":false},"excerpt":{"rendered":"","protected":false},"author":8,"featured_media":0,"parent":0,"menu_order":0,"comment_status":"closed","ping_status":"closed","template":"100-width.php","meta":{"footnotes":""},"class_list":["post-112377","page","type-page","status-publish","hentry"],"publishpress_future_action":{"enabled":false,"date":"2026-05-06 03:46:45","action":"change-status","newStatus":"draft","terms":[],"taxonomy":"translation_priority","extraData":[]},"publishpress_future_workflow_manual_trigger":{"enabledWorkflows":[]},"_links":{"self":[{"href":"https:\/\/www.museoglaucolombardi.it\/en\/wp-json\/wp\/v2\/pages\/112377","targetHints":{"allow":["GET"]}}],"collection":[{"href":"https:\/\/www.museoglaucolombardi.it\/en\/wp-json\/wp\/v2\/pages"}],"about":[{"href":"https:\/\/www.museoglaucolombardi.it\/en\/wp-json\/wp\/v2\/types\/page"}],"author":[{"embeddable":true,"href":"https:\/\/www.museoglaucolombardi.it\/en\/wp-json\/wp\/v2\/users\/8"}],"replies":[{"embeddable":true,"href":"https:\/\/www.museoglaucolombardi.it\/en\/wp-json\/wp\/v2\/comments?post=112377"}],"version-history":[{"count":23,"href":"https:\/\/www.museoglaucolombardi.it\/en\/wp-json\/wp\/v2\/pages\/112377\/revisions"}],"predecessor-version":[{"id":115083,"href":"https:\/\/www.museoglaucolombardi.it\/en\/wp-json\/wp\/v2\/pages\/112377\/revisions\/115083"}],"wp:attachment":[{"href":"https:\/\/www.museoglaucolombardi.it\/en\/wp-json\/wp\/v2\/media?parent=112377"}],"curies":[{"name":"wp","href":"https:\/\/api.w.org\/{rel}","templated":true}]}}