{"id":62396,"date":"2009-08-12T20:36:00","date_gmt":"2009-08-12T18:36:00","guid":{"rendered":"https:\/\/www.museoglaucolombardi.it\/opera\/62396\/"},"modified":"2025-01-29T12:22:33","modified_gmt":"2025-01-29T11:22:33","slug":"62396","status":"publish","type":"opera","link":"https:\/\/www.museoglaucolombardi.it\/en\/opera\/62396\/","title":{"rendered":"Abito appartenuto alla duchessa Maria Luigia"},"author":2,"featured_media":43156,"template":"","epoca":[],"materiale":[2697],"tecnica":[],"tipo":[3267],"class_list":["post-62396","opera","type-opera","status-publish","has-post-thumbnail","hentry","materiale-seta-lamina-dargento-e-pizzo","tipo-tessili"],"publishpress_future_workflow_manual_trigger":{"enabledWorkflows":[]},"bibliografia":"F. SANDRINI (a cura di), \"L'abito ritrovato\", Parma, Museo Glauco Lombardi 1999.\r\n\"Museo Glauco Lombardi\", Milano, TCI 2003, p. 157.\r\nM. CUOGHI COSTANTINI, I. SILVESTRI, \"Il filo della storia. Tessuti antichi in Emilia-Romagna\", Bologna 2005, p. 171.\r\nM. BIANCHI, \"I 'diamanti della corona': formazione e dispersione dei tesori Sanvitale\", in F. SANDRINI, \"I gioielli di Maria Luigia\", Parma, MUP 2009, ill. p. 110.\r\nM. BIANCHI, \"Il Museo che non c'\u00e8: gli acquisti perduti di Glauco Lombardi\", in F. SANDRINI (a cura di), \"Glauco Lombardi (1881-1970) molto pi\u00f9 di un collezionista\", Parma, Grafiche STEP 2011, pp. 110-168: p. 144.\r\nF. SANDRINI (a cura di), \"Albertina, la figlia di Maria Luigia d'Asburgo. Vita, pensieri, segreti\", Parma, Grafiche STEP 2017, p. 68 [ill. p. 67].","denominazione":"Abito appartenuto alla duchessa Maria Luigia","nuovo_inventario":"1618","osservazioni":"Foggia e materiali dell'abito al momento del suo ritrovamento in un armadio del Museo nel giugno 1996 apparivano il frutto di una complessa vicenda di modifiche e manomissioni: prodotto in origine in Francia secondo i dettami dello stile Impero (1810-1814), l'abito fu modificato dopo il secondo decennio dell'Ottocento per assecondare il cambiamento della moda, e poi di nuovo intorno al 1830. In ultimo, fu trasformato nel secondo dopoguerra per usi carnevaleschi o teatrali, tra le altre cose ricavando dalle maniche a palloncino un secondo corpetto.\r\nIl restauro ha consentito di recuperare lo stato che l'abito assunse intorno al 1830, a seguito del suo riadattamento all'esile figura di un'adolescente (probabilmente Albertina Montenuovo, figlia di Maria Luigia).","serie_tiratura":"","chiavi":"","collocazione":"Sala Affetti","descrizione":"L'abito \u00e8 costituito da una gonna e da un corpetto in garza di seta color perla ricamata a motivi floreali in lam\u00e9 d'argento e foderata in seta avorio scuro. Il corpetto ha maniche a palloncino e l'ampio scollo \u00e8 rifinito con pizzo in tulle meccanico e merletti a fuselli in seta avorio con filo d'oro di contorno. La gonna \u00e8 arricciata intorno alla vita con plissettatura nel mezzo dietro.","provenienza":"","acquisizione":"","compilatore_scheda":"","filegrani":"","stato_conservazione":"Buono; l'abito \u00e8 stato restaurato dal laboratorio RT di Albinea (RE) nel periodo settembre 1996-giugno 1997.","datazione":"1825-1830","editore":"","esposizione":"Venezia, Palazzo Grassi, \"Mostra del Costume nel Tempo\", 25 agosto-14 ottobre 1951\r\nBologna, Palazzo Salina-Amorini, \"L'angolo della donna nella casa. Ambienti femminili dall'etrusco al moderno nei tempi e nei costumi\", 3 aprile-3 maggio 1955","autori":[{"nato":"","morto":"","opere":false,"ID":67867,"post_title":"Manifattura italiana (prima met\u00e0 sec. XIX)","post_content":"","post_excerpt":"","post_author":"2","post_date":"2022-10-20 17:12:51","post_date_gmt":"2022-10-20 15:12:51","post_status":"publish","comment_status":"closed","ping_status":"closed","post_password":"","post_name":"67867","to_ping":"","pinged":"","post_modified":"2025-01-29 12:20:26","post_modified_gmt":"2025-01-29 11:20:26","post_content_filtered":"","post_parent":0,"guid":"https:\/\/www.museoglaucolombardi.it\/?autore=67867","menu_order":0,"post_type":"autore","post_mime_type":"","comment_count":"0","comments":false,"id":67867}],"dediche":"","valore":"\u20ac 35.000,00","misure":"altezza gonna cm 95 circa\r\naltezza complessiva 125 circa","peso":"","valore_assicurativo":"","vecchio_inventario":"","_links":{"self":[{"href":"https:\/\/www.museoglaucolombardi.it\/en\/wp-json\/wp\/v2\/opera\/62396","targetHints":{"allow":["GET"]}}],"collection":[{"href":"https:\/\/www.museoglaucolombardi.it\/en\/wp-json\/wp\/v2\/opera"}],"about":[{"href":"https:\/\/www.museoglaucolombardi.it\/en\/wp-json\/wp\/v2\/types\/opera"}],"author":[{"embeddable":true,"href":"https:\/\/www.museoglaucolombardi.it\/en\/wp-json\/wp\/v2\/users\/2"}],"version-history":[{"count":7,"href":"https:\/\/www.museoglaucolombardi.it\/en\/wp-json\/wp\/v2\/opera\/62396\/revisions"}],"predecessor-version":[{"id":100357,"href":"https:\/\/www.museoglaucolombardi.it\/en\/wp-json\/wp\/v2\/opera\/62396\/revisions\/100357"}],"wp:featuredmedia":[{"embeddable":true,"href":"https:\/\/www.museoglaucolombardi.it\/en\/wp-json\/wp\/v2\/media\/43156"}],"wp:attachment":[{"href":"https:\/\/www.museoglaucolombardi.it\/en\/wp-json\/wp\/v2\/media?parent=62396"}],"wp:term":[{"taxonomy":"epoca","embeddable":true,"href":"https:\/\/www.museoglaucolombardi.it\/en\/wp-json\/wp\/v2\/epoca?post=62396"},{"taxonomy":"materiale","embeddable":true,"href":"https:\/\/www.museoglaucolombardi.it\/en\/wp-json\/wp\/v2\/materiale?post=62396"},{"taxonomy":"tecnica","embeddable":true,"href":"https:\/\/www.museoglaucolombardi.it\/en\/wp-json\/wp\/v2\/tecnica?post=62396"},{"taxonomy":"tipo","embeddable":true,"href":"https:\/\/www.museoglaucolombardi.it\/en\/wp-json\/wp\/v2\/tipo?post=62396"}],"curies":[{"name":"wp","href":"https:\/\/api.w.org\/{rel}","templated":true}]}}